{"id":5435,"date":"2022-10-26T10:26:08","date_gmt":"2022-10-26T14:26:08","guid":{"rendered":"https:\/\/infocrep.cssdm.gouv.qc.ca\/enseignants\/?post_type=tribe_events&#038;p=5435"},"modified":"2022-10-26T10:26:08","modified_gmt":"2022-10-26T14:26:08","slug":"journee-du-numerique-du-meq","status":"publish","type":"tribe_events","link":"https:\/\/infocrep.cssdm.gouv.qc.ca\/enseignants\/event\/journee-du-numerique-du-meq\/","title":{"rendered":"Journ\u00e9e du num\u00e9rique du MEQ"},"content":{"rendered":"<p>La quatri\u00e8me \u00e9dition de la Journ\u00e9e du num\u00e9rique en \u00e9ducation se d\u00e9roulera le 4 novembre prochain. Cet \u00e9v\u00e9nement gratuit, qui se d\u00e9roulera en pr\u00e9sentiel et en virtuel, est principalement destin\u00e9 aux enseignants, aux conseillers p\u00e9dagogiques et aux gestionnaires des r\u00e9seaux publics et priv\u00e9s, ainsi qu\u2019\u00e0 ceux des organisations autochtones en \u00e9ducation. Inscrivez-vous et laissez-vous inspirer dans l\u2019utilisation des outils num\u00e9riques \u00e0 des fins p\u00e9dagogiques et dans l\u2019innovation p\u00e9dagogique.<\/p>\n<h4><span style=\"color: #008080;\"><a style=\"color: #008080;\" href=\"http:\/\/www.education.gouv.qc.ca\/dossiers-thematiques\/plan-daction-numerique\/formations\/journee-du-numerique-en-education\/\" target=\"_blank\" rel=\"noopener\">Pour plus de d\u00e9tails cliquez ici.<\/a><\/span><\/h4>\n","protected":false},"excerpt":{"rendered":"<p>La quatri\u00e8me \u00e9dition de la Journ\u00e9e du num\u00e9rique en \u00e9ducation se d\u00e9roulera le 4 novembre prochain. Cet \u00e9v\u00e9nement gratuit, qui&hellip;<\/p>\n","protected":false},"author":2,"featured_media":5433,"comment_status":"closed","ping_status":"closed","template":"","meta":{"_tribe_events_status":"","_tribe_events_status_reason":"","footnotes":""},"tags":[],"tribe_events_cat":[29],"class_list":["post-5435","tribe_events","type-tribe_events","status-publish","has-post-thumbnail","hentry","tribe_events_cat-evenements-externes","cat_evenements-externes"],"_links":{"self":[{"href":"https:\/\/infocrep.cssdm.gouv.qc.ca\/enseignants\/wp-json\/wp\/v2\/tribe_events\/5435","targetHints":{"allow":["GET"]}}],"collection":[{"href":"https:\/\/infocrep.cssdm.gouv.qc.ca\/enseignants\/wp-json\/wp\/v2\/tribe_events"}],"about":[{"href":"https:\/\/infocrep.cssdm.gouv.qc.ca\/enseignants\/wp-json\/wp\/v2\/types\/tribe_events"}],"author":[{"embeddable":true,"href":"https:\/\/infocrep.cssdm.gouv.qc.ca\/enseignants\/wp-json\/wp\/v2\/users\/2"}],"replies":[{"embeddable":true,"href":"https:\/\/infocrep.cssdm.gouv.qc.ca\/enseignants\/wp-json\/wp\/v2\/comments?post=5435"}],"version-history":[{"count":1,"href":"https:\/\/infocrep.cssdm.gouv.qc.ca\/enseignants\/wp-json\/wp\/v2\/tribe_events\/5435\/revisions"}],"predecessor-version":[{"id":5436,"href":"https:\/\/infocrep.cssdm.gouv.qc.ca\/enseignants\/wp-json\/wp\/v2\/tribe_events\/5435\/revisions\/5436"}],"wp:featuredmedia":[{"embeddable":true,"href":"https:\/\/infocrep.cssdm.gouv.qc.ca\/enseignants\/wp-json\/wp\/v2\/media\/5433"}],"wp:attachment":[{"href":"https:\/\/infocrep.cssdm.gouv.qc.ca\/enseignants\/wp-json\/wp\/v2\/media?parent=5435"}],"wp:term":[{"taxonomy":"post_tag","embeddable":true,"href":"https:\/\/infocrep.cssdm.gouv.qc.ca\/enseignants\/wp-json\/wp\/v2\/tags?post=5435"},{"taxonomy":"tribe_events_cat","embeddable":true,"href":"https:\/\/infocrep.cssdm.gouv.qc.ca\/enseignants\/wp-json\/wp\/v2\/tribe_events_cat?post=5435"}],"curies":[{"name":"wp","href":"https:\/\/api.w.org\/{rel}","templated":true}]}}