{"id":5079,"date":"2022-10-05T11:33:45","date_gmt":"2022-10-05T15:33:45","guid":{"rendered":"https:\/\/infocrep.cssdm.gouv.qc.ca\/enseignants\/?post_type=tribe_events&#038;p=5079"},"modified":"2022-10-31T13:02:55","modified_gmt":"2022-10-31T17:02:55","slug":"rencontre-du-service-de-lintegration-sociale","status":"publish","type":"tribe_events","link":"https:\/\/infocrep.cssdm.gouv.qc.ca\/enseignants\/event\/rencontre-du-service-de-lintegration-sociale\/","title":{"rendered":"Rencontre du service de l\u2019Int\u00e9gration sociale (AM)- Groupe Retour aux \u00e9tudes -Sant\u00e9 mentale"},"content":{"rendered":"<h3>Rencontre du service de l\u2019Int\u00e9gration sociale le 4 novembre 2022 en pr\u00e9sentiel au CREP (sur Clark)<\/h3>\n<h3>Ordre du jour<\/h3>\n<h4><strong><span style=\"color: #ff0000;\">N\u2019oubliez pas votre portable.<\/span><\/strong><\/h4>\n<div><\/div>\n<h4>AM (RA\u00c9-SM, r\u00e9f\u00e9rez-vous au tableau ci-dessous)<\/h4>\n<p>09h15 : Accueil<\/p>\n<p>09h30 \u00e0 midi :<\/p>\n<p>Retour sur la derni\u00e8re rencontre\u00a0:<\/p>\n<ul>\n<li>O\u00f9 sont les ressources<\/li>\n<li>Planification globale<\/li>\n<\/ul>\n<p>Pratique et accompagnement<\/p>\n<p>&nbsp;<\/p>\n<h4>PM (DI-DP, r\u00e9f\u00e9rez-vous au tableau ci-dessous)<\/h4>\n<p>13h00: Accueil<\/p>\n<p>13h15 \u00e0 15h30 :<\/p>\n<p>Retour sur la derni\u00e8re rencontre\u00a0:<\/p>\n<ul>\n<li>O\u00f9 sont les ressources<\/li>\n<li>Planification globale<\/li>\n<\/ul>\n<p>Pratique et accompagnement<\/p>\n<div>\n<div>\n<p align=\"center\"><strong>RA\u00c9-SM (19 enseignants en AM) 9h15 \u00e0 midi<\/strong><\/p>\n<\/div>\n<table class=\"copy-paste-table\">\n<tbody>\n<tr>\n<td width=\"288\">\n<ul>\n<li>Awaiss Nour<\/li>\n<li>Bazinet Joanne<\/li>\n<li>B\u00e9land Jonathan<\/li>\n<li>Crocheti\u00e8re-St-amour C\u00e9lina<\/li>\n<li>Fecteau Nicolas<\/li>\n<li>Galarneau Sylvain<\/li>\n<li>Gauvin Mireille<\/li>\n<li>G\u00e9lineau Jean<\/li>\n<li>Grondin Jean-Philippe<\/li>\n<li>Marc-Andr\u00e9 Lalonde<\/li>\n<li>Estelle Bonhomet-Proulx<\/li>\n<\/ul>\n<\/td>\n<td width=\"288\">\n<ul>\n<li>Houle-Gosselin Val\u00e9rie<\/li>\n<li>Lavall\u00e9e Natalie<\/li>\n<li>Ouellet Nathalie<\/li>\n<li>P\u00e9pin Catherine-H\u00e9l\u00e8ne<\/li>\n<li>Rho Marie-Andr\u00e9e<\/li>\n<li>Riendeau Michelle<\/li>\n<li>Riopel Cathia<\/li>\n<li>Toccaciu Cam\u00e9lia<\/li>\n<li>Vincent Patrick<\/li>\n<\/ul>\n<\/td>\n<\/tr>\n<\/tbody>\n<\/table>\n<\/div>\n<p>&nbsp;<\/p>\n<div>\n<div>\n<p align=\"center\"><strong>DI-DP (24 enseignants) 13h \u00e0 15h30<\/strong><\/p>\n<\/div>\n<table class=\"copy-paste-table\">\n<tbody>\n<tr>\n<td width=\"288\">\n<ul>\n<li>Allard Martine<\/li>\n<li>Ayad Kahina-Katia<\/li>\n<li>Bracco Elena<\/li>\n<li>Caron Julie<\/li>\n<li>Choukroun Sarah<\/li>\n<li>Cordier St\u00e9phane<\/li>\n<li>Daigneault Val\u00e9rie<\/li>\n<li>Dubreuil Florence<\/li>\n<li>Duchesne Gabri\u00e8le<\/li>\n<li>Dumoulin Guylaine<\/li>\n<li>\u00c9mond Nadim<\/li>\n<li>Germond Florence<\/li>\n<\/ul>\n<\/td>\n<td width=\"288\">\n<ul>\n<li>Giron-Sandoval Amalia-\u00c9lisa<\/li>\n<li>Grenon Alain<\/li>\n<li>Jalbert Alain<\/li>\n<li>Man\u00e8s Marie-Jos\u00e9e<\/li>\n<li>Mironchuck Brigitte<\/li>\n<li>Mongeau-Degagn\u00e9 Marl\u00e8ne<\/li>\n<li>Nguyen \u00c9ric<\/li>\n<li>Pag\u00e9 Danielle<\/li>\n<li>Poirier-Peterson Karl<\/li>\n<li>Sacchitelle Catherine<\/li>\n<\/ul>\n<\/td>\n<\/tr>\n<\/tbody>\n<\/table>\n<\/div>\n","protected":false},"excerpt":{"rendered":"<p>Rencontre du service de l\u2019Int\u00e9gration sociale le 4 novembre 2022 en pr\u00e9sentiel au CREP (sur Clark) Ordre du jour N\u2019oubliez&hellip;<\/p>\n","protected":false},"author":2,"featured_media":3028,"comment_status":"closed","ping_status":"closed","template":"","meta":{"_tribe_events_status":"","_tribe_events_status_reason":"","footnotes":""},"tags":[],"tribe_events_cat":[28],"class_list":["post-5079","tribe_events","type-tribe_events","status-publish","has-post-thumbnail","hentry","tribe_events_cat-rencontres-et-formations","cat_rencontres-et-formations"],"_links":{"self":[{"href":"https:\/\/infocrep.cssdm.gouv.qc.ca\/enseignants\/wp-json\/wp\/v2\/tribe_events\/5079","targetHints":{"allow":["GET"]}}],"collection":[{"href":"https:\/\/infocrep.cssdm.gouv.qc.ca\/enseignants\/wp-json\/wp\/v2\/tribe_events"}],"about":[{"href":"https:\/\/infocrep.cssdm.gouv.qc.ca\/enseignants\/wp-json\/wp\/v2\/types\/tribe_events"}],"author":[{"embeddable":true,"href":"https:\/\/infocrep.cssdm.gouv.qc.ca\/enseignants\/wp-json\/wp\/v2\/users\/2"}],"replies":[{"embeddable":true,"href":"https:\/\/infocrep.cssdm.gouv.qc.ca\/enseignants\/wp-json\/wp\/v2\/comments?post=5079"}],"version-history":[{"count":5,"href":"https:\/\/infocrep.cssdm.gouv.qc.ca\/enseignants\/wp-json\/wp\/v2\/tribe_events\/5079\/revisions"}],"predecessor-version":[{"id":5455,"href":"https:\/\/infocrep.cssdm.gouv.qc.ca\/enseignants\/wp-json\/wp\/v2\/tribe_events\/5079\/revisions\/5455"}],"wp:featuredmedia":[{"embeddable":true,"href":"https:\/\/infocrep.cssdm.gouv.qc.ca\/enseignants\/wp-json\/wp\/v2\/media\/3028"}],"wp:attachment":[{"href":"https:\/\/infocrep.cssdm.gouv.qc.ca\/enseignants\/wp-json\/wp\/v2\/media?parent=5079"}],"wp:term":[{"taxonomy":"post_tag","embeddable":true,"href":"https:\/\/infocrep.cssdm.gouv.qc.ca\/enseignants\/wp-json\/wp\/v2\/tags?post=5079"},{"taxonomy":"tribe_events_cat","embeddable":true,"href":"https:\/\/infocrep.cssdm.gouv.qc.ca\/enseignants\/wp-json\/wp\/v2\/tribe_events_cat?post=5079"}],"curies":[{"name":"wp","href":"https:\/\/api.w.org\/{rel}","templated":true}]}}