{"id":11351,"date":"2026-07-17T14:51:13","date_gmt":"2026-07-17T19:51:13","guid":{"rendered":"https:\/\/infocrep.cssdm.gouv.qc.ca\/enseignants\/?post_type=tribe_events&#038;p=11351"},"modified":"2026-07-17T15:00:43","modified_gmt":"2026-07-17T20:00:43","slug":"journee-de-la-diversite-2","status":"publish","type":"tribe_events","link":"https:\/\/infocrep.cssdm.gouv.qc.ca\/enseignants\/event\/journee-de-la-diversite-2\/","title":{"rendered":"Journ\u00e9e de la diversit\u00e9"},"content":{"rendered":"<p>Chaque ann\u00e9e le 21 mai, la Journ\u00e9e mondiale de la diversit\u00e9 culturelle pour le dialogue et le d\u00e9veloppement c\u00e9l\u00e8bre non seulement la richesse des cultures du monde, mais aussi le r\u00f4le essentiel du dialogue interculturel pour la paix et le d\u00e9veloppement durable. L&rsquo;Assembl\u00e9e g\u00e9n\u00e9rale des Nations Unies a d\u00e9clar\u00e9 cette Journ\u00e9e mondiale en 2002, \u00e0 la suite de l&rsquo;adoption par l&rsquo;UNESCO en 2001 de\u00a0<a href=\"https:\/\/portal.unesco.org\/fr\/ev.php-URL_ID=13179&amp;URL_DO=DO_TOPIC&amp;URL_SECTION=201.html\">la D\u00e9claration universelle sur la diversit\u00e9 culturelle<\/a>, reconnaissant la n\u00e9cessit\u00e9 de \u00a0\u00bb renforcer le potentiel de la culture comme un moyen d\u2019atteindre la prosp\u00e9rit\u00e9, le d\u00e9veloppement durable et une coexistence mondiale dans la paix.\u00a0\u00bb<\/p>\n<p>Avec l&rsquo;adoption, en septembre 2015 de l&rsquo;Agenda 2030 pour le d\u00e9veloppement durable par les Nations Unies et la\u00a0<a href=\"https:\/\/docs.un.org\/fr\/A\/RES\/57\/249\" target=\"_blank\" rel=\"noopener\">r\u00e9solution A\/C.2\/70\/L.59<\/a>\u00a0sur la culture et le d\u00e9veloppement durable adopt\u00e9e par l&rsquo;Assembl\u00e9e g\u00e9n\u00e9rale de l&rsquo;ONU en D\u00e9cembre 2015, le message de la Journ\u00e9e mondiale de la diversit\u00e9 culturelle pour le dialogue et le d\u00e9veloppement est plus important que jamais. Le meilleur moyen de r\u00e9aliser les 17 objectifs de d\u00e9veloppement durable est de s\u2019appuyer sur le potentiel cr\u00e9atif des diverses cultures du monde, et d\u2019engager un dialogue permanent afin d&rsquo;assurer que tous les membres de la soci\u00e9t\u00e9 b\u00e9n\u00e9ficient du d\u00e9veloppement durable.<\/p>\n<p><strong><a href=\"https:\/\/www.unesco.org\/fr\/days\/cultural-diversity-dialogue-development\" target=\"_blank\" rel=\"noopener\">https:\/\/www.unesco.org\/fr\/days\/cultural-diversity-dialogue-development<\/a><\/strong><\/p>\n<p>&nbsp;<\/p>\n","protected":false},"excerpt":{"rendered":"<p>Chaque ann\u00e9e le 21 mai, la Journ\u00e9e mondiale de la diversit\u00e9 culturelle pour le dialogue et le d\u00e9veloppement c\u00e9l\u00e8bre non&hellip;<\/p>\n","protected":false},"author":2,"featured_media":0,"comment_status":"closed","ping_status":"closed","template":"","meta":{"_tribe_events_status":"","_tribe_events_status_reason":"","footnotes":""},"tags":[],"tribe_events_cat":[],"class_list":["post-11351","tribe_events","type-tribe_events","status-publish","hentry"],"_links":{"self":[{"href":"https:\/\/infocrep.cssdm.gouv.qc.ca\/enseignants\/wp-json\/wp\/v2\/tribe_events\/11351","targetHints":{"allow":["GET"]}}],"collection":[{"href":"https:\/\/infocrep.cssdm.gouv.qc.ca\/enseignants\/wp-json\/wp\/v2\/tribe_events"}],"about":[{"href":"https:\/\/infocrep.cssdm.gouv.qc.ca\/enseignants\/wp-json\/wp\/v2\/types\/tribe_events"}],"author":[{"embeddable":true,"href":"https:\/\/infocrep.cssdm.gouv.qc.ca\/enseignants\/wp-json\/wp\/v2\/users\/2"}],"replies":[{"embeddable":true,"href":"https:\/\/infocrep.cssdm.gouv.qc.ca\/enseignants\/wp-json\/wp\/v2\/comments?post=11351"}],"version-history":[{"count":1,"href":"https:\/\/infocrep.cssdm.gouv.qc.ca\/enseignants\/wp-json\/wp\/v2\/tribe_events\/11351\/revisions"}],"predecessor-version":[{"id":11352,"href":"https:\/\/infocrep.cssdm.gouv.qc.ca\/enseignants\/wp-json\/wp\/v2\/tribe_events\/11351\/revisions\/11352"}],"wp:attachment":[{"href":"https:\/\/infocrep.cssdm.gouv.qc.ca\/enseignants\/wp-json\/wp\/v2\/media?parent=11351"}],"wp:term":[{"taxonomy":"post_tag","embeddable":true,"href":"https:\/\/infocrep.cssdm.gouv.qc.ca\/enseignants\/wp-json\/wp\/v2\/tags?post=11351"},{"taxonomy":"tribe_events_cat","embeddable":true,"href":"https:\/\/infocrep.cssdm.gouv.qc.ca\/enseignants\/wp-json\/wp\/v2\/tribe_events_cat?post=11351"}],"curies":[{"name":"wp","href":"https:\/\/api.w.org\/{rel}","templated":true}]}}